{"id":206943,"date":"2026-09-04T04:01:03","date_gmt":"2026-09-04T02:01:03","guid":{"rendered":"https:\/\/arqresidencial.com\/inmueble\/en-venda-pis-amb-106-00m2-a-sant-adria-nord-sant-adria-de-besos\/"},"modified":"2026-09-04T04:11:03","modified_gmt":"2026-09-04T02:11:03","slug":"en-venda-pis-amb-106-00m2-a-sant-adria-nord-sant-adria-de-besos","status":"publish","type":"property","link":"https:\/\/arqresidencial.com\/ca\/inmueble\/en-venda-pis-amb-106-00m2-a-sant-adria-nord-sant-adria-de-besos\/","title":{"rendered":"En venda Pis amb 106.00m2 a SANT ADRIA NORD, Sant Adria De Besos"},"content":{"rendered":"<p>\u00c0tic en venda situat en un carrer peatonal, tranquil i amb tots els serveis a l \u2018abast al centre de la vila de Sant Adri\u00e0 de Bes\u00f2s, en un carrer de vianants tranquil i amb tots els serveis a l\u2019abast. Un habitatge ampli, ben distribu\u00eft i pensat per al confort d\u2019una fam\u00edlia.<br \/>\nL\u2019habitatge disposa d\u2019una superf\u00edcie constru\u00efda de 106 m\u00b2, amb separaci\u00f3 clara entre zona de dia i zona de nit. El sal\u00f3-menjador t\u00e9 sortida directa a una terrassa a nivell de 14 m\u00b2, un espai exterior funcional i molt aprofitable.<br \/>\nSuperf\u00edcies i distribuci\u00f3<br \/>\n\u2022\tSuperf\u00edcie constru\u00efda: 106 m\u00b2<br \/>\n\u2022\tSal\u00f3-menjador amb acc\u00e9s directe a terrassa<br \/>\n\u2022\tTerrassa a nivell de 14 m\u00b2<br \/>\n\u2022\tCuina independent<br \/>\n\u2022\tSafareig<br \/>\n\u2022\tQuatre dormitoris:<br \/>\no\tDormitori principal doble amb balc\u00f3 i armaris encastats<br \/>\no\tTres dormitoris individuals<br \/>\n\u2022\tDistribuci\u00f3 funcional amb zones diferenciades<br \/>\nConfort i qualitats<br \/>\n\u2022\tHabitatge exterior i llumin\u00f3s<br \/>\n\u2022\tEspais amplis i ben proporcionats<br \/>\n\u2022\tIdeal per a \u00fas familiar<br \/>\nFinca i comunitat<br \/>\n\u2022\tFinca de l\u2019any 1973<br \/>\n\u2022\tEdifici amb ascensor<br \/>\n\u2022\tAcc\u00e9s a l\u2019ascensor mitjan\u00e7ant un tram d\u2019escales<br \/>\n\u2022\tComunitat consolidada<br \/>\nZona i comunicacions<br \/>\nSituat al centre de Sant Adri\u00e0 de Bes\u00f2s, a prop de l\u2019Ajuntament, CAP, escoles, comer\u00e7os i serveis.<br \/>\nExcel\u00b7lent comunicaci\u00f3 amb metro, tren de rodalies i autobusos, i f\u00e0cil acc\u00e9s a Barcelona.<br \/>\nPreu i condicions<br \/>\n\u2022\tPreu de venda: 360.000 \u20ac<br \/>\n\u2022\tPreu amb honoraris d\u2019ag\u00e8ncia inclosos<br \/>\n\u2022\tNo inclou impostos ni despeses de notaria i registre<br \/>\n\u2022\tLliurament immediat<\/p>\n<p>Per a m\u00e9s informaci\u00f3 o per concertar una visita, contacti amb Arquitectura Residencial de Barcelona. \u00a1Sigui dels primers en visitar!<\/p>\n","protected":false},"excerpt":{"rendered":"<p>\u00c0tic amb terrassa al centre de la Vila de Sant Adri\u00e0 de Bes\u00f2s<\/p>\n","protected":false},"author":2,"featured_media":200938,"parent":0,"menu_order":0,"template":"","property_type":[218],"property_status":[214],"property_feature":[259,241,261,267,263,283,275,293],"property_label":[],"property_country":[],"property_state":[117],"property_city":[1191],"property_area":[1212],"class_list":["post-206943","property","type-property","status-publish","has-post-thumbnail","hentry","property_type-atic","property_status-en-venda","property_feature-ascensor-ca","property_feature-balco","property_feature-calefaccio","property_feature-cuina-office","property_feature-fusteria-metalica","property_feature-porta-blindada","property_feature-safareig","property_feature-terrassa","property_state-barcelona-ca","property_city-sant-adria-de-besos","property_area-sant-adria-nord-2"],"aioseo_notices":[],"aioseo_head":"\n\t\t<!-- All in One SEO Pro 5.0.1.1 - aioseo.com -->\n\t<meta name=\"description\" content=\"\u00c0tic amb terrassa al centre de la Vila de Sant Adri\u00e0 de Bes\u00f2s\" \/>\n\t<meta name=\"robots\" content=\"max-image-preview:large\" \/>\n\t<meta name=\"author\" content=\"Cristina Toyos Jim\u00e9nez\"\/>\n\t<meta name=\"google-site-verification\" content=\"vN14TVyuwbSejjrku0aTkka1RW4nVROhF4V9cpCSSt4\" \/>\n\t<meta name=\"p:domain_verify\" content=\"b1bb8b715d64c9a52340e771481bfba9\" \/>\n\t<meta name=\"yandex-verification\" content=\"7119d6f274db7d0d\" \/>\n\t<link rel=\"canonical\" href=\"https:\/\/arqresidencial.com\/ca\/inmueble\/en-venda-pis-amb-106-00m2-a-sant-adria-nord-sant-adria-de-besos\/\" \/>\n\t<meta name=\"generator\" content=\"All in One SEO Pro (AIOSEO) 5.0.1.1\" \/>\n\t\t<meta property=\"og:locale\" content=\"ca_ES\" \/>\n\t\t<meta property=\"og:site_name\" content=\"La teva immobili\u00e0ria de confian\u00e7a a Barcelona - Vende tu piso en Barcelona\" \/>\n\t\t<meta property=\"og:type\" content=\"article\" \/>\n\t\t<meta property=\"og:title\" content=\"En venda Pis amb 106.00m2 a SANT ADRIA NORD, Sant Adria De Besos - La teva immobili\u00e0ria de confian\u00e7a a Barcelona\" \/>\n\t\t<meta property=\"og:description\" content=\"\u00c0tic amb terrassa al centre de la Vila de Sant Adri\u00e0 de Bes\u00f2s\" \/>\n\t\t<meta property=\"og:url\" content=\"https:\/\/arqresidencial.com\/ca\/inmueble\/en-venda-pis-amb-106-00m2-a-sant-adria-nord-sant-adria-de-besos\/\" \/>\n\t\t<meta property=\"og:image\" content=\"https:\/\/arqresidencial.com\/wp-content\/uploads\/2026\/02\/po-1250695-imagen-1.jpg\" \/>\n\t\t<meta property=\"og:image:secure_url\" content=\"https:\/\/arqresidencial.com\/wp-content\/uploads\/2026\/02\/po-1250695-imagen-1.jpg\" \/>\n\t\t<meta property=\"og:image:width\" content=\"1024\" \/>\n\t\t<meta property=\"og:image:height\" content=\"674\" \/>\n\t\t<meta property=\"article:published_time\" content=\"2026-09-04T02:01:03+00:00\" \/>\n\t\t<meta property=\"article:modified_time\" content=\"2026-09-04T02:11:03+00:00\" \/>\n\t\t<meta property=\"article:publisher\" content=\"https:\/\/www.facebook.com\/ArquitecturaResidencialBCN\/\" \/>\n\t\t<meta name=\"twitter:card\" content=\"summary_large_image\" \/>\n\t\t<meta name=\"twitter:site\" content=\"@ArquitecturaResidencial\" \/>\n\t\t<meta name=\"twitter:title\" content=\"En venda Pis amb 106.00m2 a SANT ADRIA NORD, Sant Adria De Besos - La teva immobili\u00e0ria de confian\u00e7a a Barcelona\" \/>\n\t\t<meta name=\"twitter:description\" content=\"\u00c0tic amb terrassa al centre de la Vila de Sant Adri\u00e0 de Bes\u00f2s\" \/>\n\t\t<meta name=\"twitter:creator\" content=\"@ArquitecturaResidencial\" \/>\n\t\t<meta name=\"twitter:image\" content=\"https:\/\/arqresidencial.com\/wp-content\/uploads\/2026\/02\/po-1250695-imagen-1.jpg\" \/>\n\t\t<script type=\"application\/ld+json\" class=\"aioseo-schema\">\n\t\t\t{\"@context\":\"https:\\\/\\\/schema.org\",\"@graph\":[{\"@type\":\"BreadcrumbList\",\"@id\":\"https:\\\/\\\/arqresidencial.com\\\/ca\\\/inmueble\\\/en-venda-pis-amb-106-00m2-a-sant-adria-nord-sant-adria-de-besos\\\/#breadcrumblist\",\"itemListElement\":[{\"@type\":\"ListItem\",\"@id\":\"https:\\\/\\\/arqresidencial.com\\\/ca\\\/#listItem\",\"position\":1,\"name\":\"Home\",\"item\":\"https:\\\/\\\/arqresidencial.com\\\/ca\\\/\",\"nextItem\":{\"@type\":\"ListItem\",\"@id\":\"https:\\\/\\\/arqresidencial.com\\\/ca\\\/inmueble\\\/#listItem\",\"name\":\"Immobles\"}},{\"@type\":\"ListItem\",\"@id\":\"https:\\\/\\\/arqresidencial.com\\\/ca\\\/inmueble\\\/#listItem\",\"position\":2,\"name\":\"Immobles\",\"item\":\"https:\\\/\\\/arqresidencial.com\\\/ca\\\/inmueble\\\/\",\"nextItem\":{\"@type\":\"ListItem\",\"@id\":\"https:\\\/\\\/arqresidencial.com\\\/ca\\\/tipus-immoble\\\/atic\\\/#listItem\",\"name\":\"\\u00c1tic\"},\"previousItem\":{\"@type\":\"ListItem\",\"@id\":\"https:\\\/\\\/arqresidencial.com\\\/ca\\\/#listItem\",\"name\":\"Home\"}},{\"@type\":\"ListItem\",\"@id\":\"https:\\\/\\\/arqresidencial.com\\\/ca\\\/tipus-immoble\\\/atic\\\/#listItem\",\"position\":3,\"name\":\"\\u00c1tic\",\"item\":\"https:\\\/\\\/arqresidencial.com\\\/ca\\\/tipus-immoble\\\/atic\\\/\",\"nextItem\":{\"@type\":\"ListItem\",\"@id\":\"https:\\\/\\\/arqresidencial.com\\\/ca\\\/inmueble\\\/en-venda-pis-amb-106-00m2-a-sant-adria-nord-sant-adria-de-besos\\\/#listItem\",\"name\":\"En venda Pis amb 106.00m2 a SANT ADRIA NORD, Sant Adria De Besos\"},\"previousItem\":{\"@type\":\"ListItem\",\"@id\":\"https:\\\/\\\/arqresidencial.com\\\/ca\\\/inmueble\\\/#listItem\",\"name\":\"Immobles\"}},{\"@type\":\"ListItem\",\"@id\":\"https:\\\/\\\/arqresidencial.com\\\/ca\\\/inmueble\\\/en-venda-pis-amb-106-00m2-a-sant-adria-nord-sant-adria-de-besos\\\/#listItem\",\"position\":4,\"name\":\"En venda Pis amb 106.00m2 a SANT ADRIA NORD, Sant Adria De Besos\",\"previousItem\":{\"@type\":\"ListItem\",\"@id\":\"https:\\\/\\\/arqresidencial.com\\\/ca\\\/tipus-immoble\\\/atic\\\/#listItem\",\"name\":\"\\u00c1tic\"}}]},{\"@type\":\"Organization\",\"@id\":\"https:\\\/\\\/arqresidencial.com\\\/ca\\\/#organization\",\"name\":\"Arquitectura Residencial\",\"description\":\"Vende tu piso en Barcelona\",\"url\":\"https:\\\/\\\/arqresidencial.com\\\/ca\\\/\",\"email\":\"hola@arqresidencial.com\",\"telephone\":\"+34932411103\",\"foundingDate\":\"1930-11-03\",\"numberOfEmployees\":{\"@type\":\"QuantitativeValue\",\"value\":3},\"logo\":{\"@type\":\"ImageObject\",\"url\":\"https:\\\/\\\/arqresidencial.com\\\/wp-content\\\/uploads\\\/2023\\\/05\\\/logo_AR_col_153965.svg\",\"@id\":\"https:\\\/\\\/arqresidencial.com\\\/ca\\\/inmueble\\\/en-venda-pis-amb-106-00m2-a-sant-adria-nord-sant-adria-de-besos\\\/#organizationLogo\",\"width\":209,\"height\":57,\"caption\":\"Logotipo azul de Arquitectura Residencial\"},\"image\":{\"@id\":\"https:\\\/\\\/arqresidencial.com\\\/ca\\\/inmueble\\\/en-venda-pis-amb-106-00m2-a-sant-adria-nord-sant-adria-de-besos\\\/#organizationLogo\"},\"sameAs\":[\"https:\\\/\\\/www.facebook.com\\\/ArquitecturaResidencialBCN\\\/\",\"https:\\\/\\\/twitter.com\\\/ArquitecturaResidencial\",\"https:\\\/\\\/www.instagram.com\\\/arquitectura_residencial\\\/\",\"https:\\\/\\\/www.pinterest.es\\\/ArquitecturaResidencialBCN\\\/\",\"https:\\\/\\\/www.linkedin.com\\\/company\\\/arquitectura-residencial-residencial-pineda-park-sl\\\/?viewAsMember=true\"],\"address\":{\"@id\":\"https:\\\/\\\/arqresidencial.com\\\/ca\\\/#postaladdress\",\"@type\":\"PostalAddress\",\"streetAddress\":\"Freixa, 26-28, Bajos 3\",\"postalCode\":\"08021\",\"addressLocality\":\"Barcelona\",\"addressRegion\":\"Barcelona\",\"addressCountry\":\"ES\"},\"vatID\":\"B60373214\"},{\"@type\":\"Person\",\"@id\":\"https:\\\/\\\/arqresidencial.com\\\/ca\\\/author\\\/cristoyos\\\/#author\",\"url\":\"https:\\\/\\\/arqresidencial.com\\\/ca\\\/author\\\/cristoyos\\\/\",\"name\":\"Cristina Toyos Jim\\u00e9nez\",\"image\":{\"@type\":\"ImageObject\",\"@id\":\"https:\\\/\\\/arqresidencial.com\\\/ca\\\/inmueble\\\/en-venda-pis-amb-106-00m2-a-sant-adria-nord-sant-adria-de-besos\\\/#authorImage\",\"url\":\"https:\\\/\\\/arqresidencial.com\\\/wp-content\\\/uploads\\\/2024\\\/05\\\/crstoyos22.jpg\",\"width\":647,\"height\":647,\"caption\":\"Fotografia de CTJ\"},\"sameAs\":[\"https:\\\/\\\/www.linkedin.com\\\/in\\\/toyoscris\\\/\"],\"description\":\"M\\u00e1s de 25 a\\u00f1os de experiencia en el sector inmobiliario. Como CEO he tenido que lidiar la reestructuraci\\u00f3n de varias empresas de promoci\\u00f3n inmobiliaria y la creaci\\u00f3n de una agencia totalmente digitalizada. Como experto inmobiliario, acompa\\u00f1o a los clientes en las transacciones m\\u00e1s importantes de sus vidas, Asesoramos tambi\\u00e9n a inversores en la compra de activos de inversi\\u00f3n: suelos, locales comerciales, oficinas y viviendas. Nada mejor que comprar, invertir o vender acompa\\u00f1ado de un equipo t\\u00e9cnico experto en inmobiliaria.\"},{\"@type\":\"RealEstateListing\",\"@id\":\"https:\\\/\\\/arqresidencial.com\\\/ca\\\/inmueble\\\/en-venda-pis-amb-106-00m2-a-sant-adria-nord-sant-adria-de-besos\\\/#realestatelisting\",\"url\":\"https:\\\/\\\/arqresidencial.com\\\/ca\\\/inmueble\\\/en-venda-pis-amb-106-00m2-a-sant-adria-nord-sant-adria-de-besos\\\/\",\"name\":\"En venda Pis amb 106.00m2 a SANT ADRIA NORD, Sant Adria De Besos - La teva immobili\\u00e0ria de confian\\u00e7a a Barcelona\",\"description\":\"\\u00c0tic amb terrassa al centre de la Vila de Sant Adri\\u00e0 de Bes\\u00f2s\",\"inLanguage\":\"ca\",\"isPartOf\":{\"@id\":\"https:\\\/\\\/arqresidencial.com\\\/ca\\\/#website\"},\"breadcrumb\":{\"@id\":\"https:\\\/\\\/arqresidencial.com\\\/ca\\\/inmueble\\\/en-venda-pis-amb-106-00m2-a-sant-adria-nord-sant-adria-de-besos\\\/#breadcrumblist\"},\"author\":{\"@id\":\"https:\\\/\\\/arqresidencial.com\\\/ca\\\/author\\\/cristoyos\\\/#author\"},\"creator\":{\"@id\":\"https:\\\/\\\/arqresidencial.com\\\/ca\\\/author\\\/cristoyos\\\/#author\"},\"image\":{\"@type\":\"ImageObject\",\"url\":\"https:\\\/\\\/arqresidencial.com\\\/wp-content\\\/uploads\\\/2026\\\/02\\\/po-1250695-imagen-1.jpg\",\"@id\":\"https:\\\/\\\/arqresidencial.com\\\/ca\\\/inmueble\\\/en-venda-pis-amb-106-00m2-a-sant-adria-nord-sant-adria-de-besos\\\/#mainImage\",\"width\":1024,\"height\":674,\"caption\":\"\\u00c1tico en Venta en Sant Adria De Besos Barcelona SANT ADRIA NORD\"},\"primaryImageOfPage\":{\"@id\":\"https:\\\/\\\/arqresidencial.com\\\/ca\\\/inmueble\\\/en-venda-pis-amb-106-00m2-a-sant-adria-nord-sant-adria-de-besos\\\/#mainImage\"},\"datePublished\":\"2026-09-04T04:01:03+02:00\",\"dateModified\":\"2026-09-04T04:11:03+02:00\",\"datePosted\":\"2026-09-04T04:01:03+02:00\"},{\"@type\":\"WebPage\",\"@id\":\"https:\\\/\\\/arqresidencial.com\\\/ca\\\/inmueble\\\/en-venda-pis-amb-106-00m2-a-sant-adria-nord-sant-adria-de-besos\\\/#webpage\",\"url\":\"https:\\\/\\\/arqresidencial.com\\\/ca\\\/inmueble\\\/en-venda-pis-amb-106-00m2-a-sant-adria-nord-sant-adria-de-besos\\\/\",\"name\":\"En venda Pis amb 106.00m2 a SANT ADRIA NORD, Sant Adria De Besos - La teva immobili\\u00e0ria de confian\\u00e7a a Barcelona\",\"description\":\"\\u00c0tic amb terrassa al centre de la Vila de Sant Adri\\u00e0 de Bes\\u00f2s\",\"inLanguage\":\"ca\",\"isPartOf\":{\"@id\":\"https:\\\/\\\/arqresidencial.com\\\/ca\\\/#website\"},\"breadcrumb\":{\"@id\":\"https:\\\/\\\/arqresidencial.com\\\/ca\\\/inmueble\\\/en-venda-pis-amb-106-00m2-a-sant-adria-nord-sant-adria-de-besos\\\/#breadcrumblist\"},\"author\":{\"@id\":\"https:\\\/\\\/arqresidencial.com\\\/ca\\\/author\\\/cristoyos\\\/#author\"},\"creator\":{\"@id\":\"https:\\\/\\\/arqresidencial.com\\\/ca\\\/author\\\/cristoyos\\\/#author\"},\"image\":{\"@type\":\"ImageObject\",\"url\":\"https:\\\/\\\/arqresidencial.com\\\/wp-content\\\/uploads\\\/2026\\\/02\\\/po-1250695-imagen-1.jpg\",\"@id\":\"https:\\\/\\\/arqresidencial.com\\\/ca\\\/inmueble\\\/en-venda-pis-amb-106-00m2-a-sant-adria-nord-sant-adria-de-besos\\\/#mainImage\",\"width\":1024,\"height\":674,\"caption\":\"\\u00c1tico en Venta en Sant Adria De Besos Barcelona SANT ADRIA NORD\"},\"primaryImageOfPage\":{\"@id\":\"https:\\\/\\\/arqresidencial.com\\\/ca\\\/inmueble\\\/en-venda-pis-amb-106-00m2-a-sant-adria-nord-sant-adria-de-besos\\\/#mainImage\"},\"datePublished\":\"2026-09-04T04:01:03+02:00\",\"dateModified\":\"2026-09-04T04:11:03+02:00\"},{\"@type\":\"WebSite\",\"@id\":\"https:\\\/\\\/arqresidencial.com\\\/ca\\\/#website\",\"url\":\"https:\\\/\\\/arqresidencial.com\\\/ca\\\/\",\"name\":\"Arquitectura Residencial\",\"alternateName\":\"arqresidencial\",\"description\":\"Vende tu piso en Barcelona\",\"inLanguage\":\"ca\",\"publisher\":{\"@id\":\"https:\\\/\\\/arqresidencial.com\\\/ca\\\/#organization\"}}]}\n\t\t<\/script>\n\t\t<!-- All in One SEO Pro -->\r\n\t\t<title>En venda Pis amb 106.00m2 a SANT ADRIA NORD, Sant Adria De Besos - La teva immobili\u00e0ria de confian\u00e7a a Barcelona<\/title>\n\n","aioseo_head_json":{"title":"En venda Pis amb 106.00m2 a SANT ADRIA NORD, Sant Adria De Besos - La teva immobili\u00e0ria de confian\u00e7a a Barcelona","description":"\u00c0tic amb terrassa al centre de la Vila de Sant Adri\u00e0 de Bes\u00f2s","canonical_url":"https:\/\/arqresidencial.com\/ca\/inmueble\/en-venda-pis-amb-106-00m2-a-sant-adria-nord-sant-adria-de-besos\/","robots":"max-image-preview:large","keywords":"","webmasterTools":{"google-site-verification":"vN14TVyuwbSejjrku0aTkka1RW4nVROhF4V9cpCSSt4","p:domain_verify":"b1bb8b715d64c9a52340e771481bfba9","yandex-verification":"7119d6f274db7d0d","miscellaneous":""},"schema":{"@context":"https:\/\/schema.org","@graph":[{"@type":"BreadcrumbList","@id":"https:\/\/arqresidencial.com\/ca\/inmueble\/en-venda-pis-amb-106-00m2-a-sant-adria-nord-sant-adria-de-besos\/#breadcrumblist","itemListElement":[{"@type":"ListItem","@id":"https:\/\/arqresidencial.com\/ca\/#listItem","position":1,"name":"Home","item":"https:\/\/arqresidencial.com\/ca\/","nextItem":{"@type":"ListItem","@id":"https:\/\/arqresidencial.com\/ca\/inmueble\/#listItem","name":"Immobles"}},{"@type":"ListItem","@id":"https:\/\/arqresidencial.com\/ca\/inmueble\/#listItem","position":2,"name":"Immobles","item":"https:\/\/arqresidencial.com\/ca\/inmueble\/","nextItem":{"@type":"ListItem","@id":"https:\/\/arqresidencial.com\/ca\/tipus-immoble\/atic\/#listItem","name":"\u00c1tic"},"previousItem":{"@type":"ListItem","@id":"https:\/\/arqresidencial.com\/ca\/#listItem","name":"Home"}},{"@type":"ListItem","@id":"https:\/\/arqresidencial.com\/ca\/tipus-immoble\/atic\/#listItem","position":3,"name":"\u00c1tic","item":"https:\/\/arqresidencial.com\/ca\/tipus-immoble\/atic\/","nextItem":{"@type":"ListItem","@id":"https:\/\/arqresidencial.com\/ca\/inmueble\/en-venda-pis-amb-106-00m2-a-sant-adria-nord-sant-adria-de-besos\/#listItem","name":"En venda Pis amb 106.00m2 a SANT ADRIA NORD, Sant Adria De Besos"},"previousItem":{"@type":"ListItem","@id":"https:\/\/arqresidencial.com\/ca\/inmueble\/#listItem","name":"Immobles"}},{"@type":"ListItem","@id":"https:\/\/arqresidencial.com\/ca\/inmueble\/en-venda-pis-amb-106-00m2-a-sant-adria-nord-sant-adria-de-besos\/#listItem","position":4,"name":"En venda Pis amb 106.00m2 a SANT ADRIA NORD, Sant Adria De Besos","previousItem":{"@type":"ListItem","@id":"https:\/\/arqresidencial.com\/ca\/tipus-immoble\/atic\/#listItem","name":"\u00c1tic"}}]},{"@type":"Organization","@id":"https:\/\/arqresidencial.com\/ca\/#organization","name":"Arquitectura Residencial","description":"Vende tu piso en Barcelona","url":"https:\/\/arqresidencial.com\/ca\/","email":"hola@arqresidencial.com","telephone":"+34932411103","foundingDate":"1930-11-03","numberOfEmployees":{"@type":"QuantitativeValue","value":3},"logo":{"@type":"ImageObject","url":"https:\/\/arqresidencial.com\/wp-content\/uploads\/2023\/05\/logo_AR_col_153965.svg","@id":"https:\/\/arqresidencial.com\/ca\/inmueble\/en-venda-pis-amb-106-00m2-a-sant-adria-nord-sant-adria-de-besos\/#organizationLogo","width":209,"height":57,"caption":"Logotipo azul de Arquitectura Residencial"},"image":{"@id":"https:\/\/arqresidencial.com\/ca\/inmueble\/en-venda-pis-amb-106-00m2-a-sant-adria-nord-sant-adria-de-besos\/#organizationLogo"},"sameAs":["https:\/\/www.facebook.com\/ArquitecturaResidencialBCN\/","https:\/\/twitter.com\/ArquitecturaResidencial","https:\/\/www.instagram.com\/arquitectura_residencial\/","https:\/\/www.pinterest.es\/ArquitecturaResidencialBCN\/","https:\/\/www.linkedin.com\/company\/arquitectura-residencial-residencial-pineda-park-sl\/?viewAsMember=true"],"address":{"@id":"https:\/\/arqresidencial.com\/ca\/#postaladdress","@type":"PostalAddress","streetAddress":"Freixa, 26-28, Bajos 3","postalCode":"08021","addressLocality":"Barcelona","addressRegion":"Barcelona","addressCountry":"ES"},"vatID":"B60373214"},{"@type":"Person","@id":"https:\/\/arqresidencial.com\/ca\/author\/cristoyos\/#author","url":"https:\/\/arqresidencial.com\/ca\/author\/cristoyos\/","name":"Cristina Toyos Jim\u00e9nez","image":{"@type":"ImageObject","@id":"https:\/\/arqresidencial.com\/ca\/inmueble\/en-venda-pis-amb-106-00m2-a-sant-adria-nord-sant-adria-de-besos\/#authorImage","url":"https:\/\/arqresidencial.com\/wp-content\/uploads\/2024\/05\/crstoyos22.jpg","width":647,"height":647,"caption":"Fotografia de CTJ"},"sameAs":["https:\/\/www.linkedin.com\/in\/toyoscris\/"],"description":"M\u00e1s de 25 a\u00f1os de experiencia en el sector inmobiliario. Como CEO he tenido que lidiar la reestructuraci\u00f3n de varias empresas de promoci\u00f3n inmobiliaria y la creaci\u00f3n de una agencia totalmente digitalizada. Como experto inmobiliario, acompa\u00f1o a los clientes en las transacciones m\u00e1s importantes de sus vidas, Asesoramos tambi\u00e9n a inversores en la compra de activos de inversi\u00f3n: suelos, locales comerciales, oficinas y viviendas. Nada mejor que comprar, invertir o vender acompa\u00f1ado de un equipo t\u00e9cnico experto en inmobiliaria."},{"@type":"RealEstateListing","@id":"https:\/\/arqresidencial.com\/ca\/inmueble\/en-venda-pis-amb-106-00m2-a-sant-adria-nord-sant-adria-de-besos\/#realestatelisting","url":"https:\/\/arqresidencial.com\/ca\/inmueble\/en-venda-pis-amb-106-00m2-a-sant-adria-nord-sant-adria-de-besos\/","name":"En venda Pis amb 106.00m2 a SANT ADRIA NORD, Sant Adria De Besos - La teva immobili\u00e0ria de confian\u00e7a a Barcelona","description":"\u00c0tic amb terrassa al centre de la Vila de Sant Adri\u00e0 de Bes\u00f2s","inLanguage":"ca","isPartOf":{"@id":"https:\/\/arqresidencial.com\/ca\/#website"},"breadcrumb":{"@id":"https:\/\/arqresidencial.com\/ca\/inmueble\/en-venda-pis-amb-106-00m2-a-sant-adria-nord-sant-adria-de-besos\/#breadcrumblist"},"author":{"@id":"https:\/\/arqresidencial.com\/ca\/author\/cristoyos\/#author"},"creator":{"@id":"https:\/\/arqresidencial.com\/ca\/author\/cristoyos\/#author"},"image":{"@type":"ImageObject","url":"https:\/\/arqresidencial.com\/wp-content\/uploads\/2026\/02\/po-1250695-imagen-1.jpg","@id":"https:\/\/arqresidencial.com\/ca\/inmueble\/en-venda-pis-amb-106-00m2-a-sant-adria-nord-sant-adria-de-besos\/#mainImage","width":1024,"height":674,"caption":"\u00c1tico en Venta en Sant Adria De Besos Barcelona SANT ADRIA NORD"},"primaryImageOfPage":{"@id":"https:\/\/arqresidencial.com\/ca\/inmueble\/en-venda-pis-amb-106-00m2-a-sant-adria-nord-sant-adria-de-besos\/#mainImage"},"datePublished":"2026-09-04T04:01:03+02:00","dateModified":"2026-09-04T04:11:03+02:00","datePosted":"2026-09-04T04:01:03+02:00"},{"@type":"WebPage","@id":"https:\/\/arqresidencial.com\/ca\/inmueble\/en-venda-pis-amb-106-00m2-a-sant-adria-nord-sant-adria-de-besos\/#webpage","url":"https:\/\/arqresidencial.com\/ca\/inmueble\/en-venda-pis-amb-106-00m2-a-sant-adria-nord-sant-adria-de-besos\/","name":"En venda Pis amb 106.00m2 a SANT ADRIA NORD, Sant Adria De Besos - La teva immobili\u00e0ria de confian\u00e7a a Barcelona","description":"\u00c0tic amb terrassa al centre de la Vila de Sant Adri\u00e0 de Bes\u00f2s","inLanguage":"ca","isPartOf":{"@id":"https:\/\/arqresidencial.com\/ca\/#website"},"breadcrumb":{"@id":"https:\/\/arqresidencial.com\/ca\/inmueble\/en-venda-pis-amb-106-00m2-a-sant-adria-nord-sant-adria-de-besos\/#breadcrumblist"},"author":{"@id":"https:\/\/arqresidencial.com\/ca\/author\/cristoyos\/#author"},"creator":{"@id":"https:\/\/arqresidencial.com\/ca\/author\/cristoyos\/#author"},"image":{"@type":"ImageObject","url":"https:\/\/arqresidencial.com\/wp-content\/uploads\/2026\/02\/po-1250695-imagen-1.jpg","@id":"https:\/\/arqresidencial.com\/ca\/inmueble\/en-venda-pis-amb-106-00m2-a-sant-adria-nord-sant-adria-de-besos\/#mainImage","width":1024,"height":674,"caption":"\u00c1tico en Venta en Sant Adria De Besos Barcelona SANT ADRIA NORD"},"primaryImageOfPage":{"@id":"https:\/\/arqresidencial.com\/ca\/inmueble\/en-venda-pis-amb-106-00m2-a-sant-adria-nord-sant-adria-de-besos\/#mainImage"},"datePublished":"2026-09-04T04:01:03+02:00","dateModified":"2026-09-04T04:11:03+02:00"},{"@type":"WebSite","@id":"https:\/\/arqresidencial.com\/ca\/#website","url":"https:\/\/arqresidencial.com\/ca\/","name":"Arquitectura Residencial","alternateName":"arqresidencial","description":"Vende tu piso en Barcelona","inLanguage":"ca","publisher":{"@id":"https:\/\/arqresidencial.com\/ca\/#organization"}}]},"og:locale":"ca_ES","og:site_name":"La teva immobili\u00e0ria de confian\u00e7a a Barcelona - Vende tu piso en Barcelona","og:type":"article","og:title":"En venda Pis amb 106.00m2 a SANT ADRIA NORD, Sant Adria De Besos - La teva immobili\u00e0ria de confian\u00e7a a Barcelona","og:description":"\u00c0tic amb terrassa al centre de la Vila de Sant Adri\u00e0 de Bes\u00f2s","og:url":"https:\/\/arqresidencial.com\/ca\/inmueble\/en-venda-pis-amb-106-00m2-a-sant-adria-nord-sant-adria-de-besos\/","og:image":"https:\/\/arqresidencial.com\/wp-content\/uploads\/2026\/02\/po-1250695-imagen-1.jpg","og:image:secure_url":"https:\/\/arqresidencial.com\/wp-content\/uploads\/2026\/02\/po-1250695-imagen-1.jpg","og:image:width":1024,"og:image:height":674,"article:published_time":"2026-09-04T02:01:03+00:00","article:modified_time":"2026-09-04T02:11:03+00:00","article:publisher":"https:\/\/www.facebook.com\/ArquitecturaResidencialBCN\/","twitter:card":"summary_large_image","twitter:site":"@ArquitecturaResidencial","twitter:title":"En venda Pis amb 106.00m2 a SANT ADRIA NORD, Sant Adria De Besos - La teva immobili\u00e0ria de confian\u00e7a a Barcelona","twitter:description":"\u00c0tic amb terrassa al centre de la Vila de Sant Adri\u00e0 de Bes\u00f2s","twitter:creator":"@ArquitecturaResidencial","twitter:image":"https:\/\/arqresidencial.com\/wp-content\/uploads\/2026\/02\/po-1250695-imagen-1.jpg"},"aioseo_meta_data":{"post_id":"206943","title":null,"description":null,"keywords":null,"keyphrases":null,"primary_term":null,"canonical_url":null,"og_title":null,"og_description":null,"og_object_type":"default","og_image_type":"default","og_image_url":null,"og_image_width":null,"og_image_height":null,"og_image_custom_url":null,"og_image_custom_fields":null,"og_video":null,"og_custom_url":null,"og_article_section":null,"og_article_tags":null,"twitter_use_og":false,"twitter_card":"default","twitter_image_type":"default","twitter_image_url":null,"twitter_image_custom_url":null,"twitter_image_custom_fields":null,"twitter_title":null,"twitter_description":null,"schema":{"blockGraphs":[],"customGraphs":[],"default":{"data":{"Article":[],"Course":[],"Dataset":[],"FAQPage":[],"Movie":[],"Person":[],"Product":[],"ProductReview":[],"Car":[],"Recipe":[],"Service":[],"SoftwareApplication":[],"WebPage":[]},"graphName":"","isEnabled":true},"graphs":[]},"schema_type":"default","schema_type_options":null,"pillar_content":false,"robots_default":true,"robots_noindex":false,"robots_noarchive":false,"robots_nosnippet":false,"robots_nofollow":false,"robots_noimageindex":false,"robots_noodp":false,"robots_notranslate":false,"robots_max_snippet":null,"robots_max_videopreview":null,"robots_max_imagepreview":"large","priority":null,"frequency":null,"local_seo":null,"seo_analyzer_scan_date":"2026-09-04 02:11:15","breadcrumb_settings":null,"limit_modified_date":false,"reviewed_by":null,"open_ai":null,"ai":null,"created":"2026-09-04 02:11:03","updated":"2026-09-04 02:11:40","focus_keyword":null,"additional_keywords":null,"truseo_locale":null},"aioseo_breadcrumb":"<div class=\"aioseo-breadcrumbs\"><span class=\"aioseo-breadcrumb\">\n\t<a href=\"https:\/\/arqresidencial.com\/ca\/\" title=\"Home\">Home<\/a>\n<\/span><span class=\"aioseo-breadcrumb-separator\">\u00bb<\/span><span class=\"aioseo-breadcrumb\">\n\t<a href=\"https:\/\/arqresidencial.com\/ca\/inmueble\/\" title=\"Immobles\">Immobles<\/a>\n<\/span><span class=\"aioseo-breadcrumb-separator\">\u00bb<\/span><span class=\"aioseo-breadcrumb\">\n\t<a href=\"https:\/\/arqresidencial.com\/ca\/tipus-immoble\/atic\/\" title=\"\u00c1tic\">\u00c1tic<\/a>\n<\/span><span class=\"aioseo-breadcrumb-separator\">\u00bb<\/span><span class=\"aioseo-breadcrumb\">\n\tEn venda Pis amb 106.00m2 a SANT ADRIA NORD, Sant Adria De Besos\n<\/span><\/div>","aioseo_breadcrumb_json":[{"label":"Home","link":"https:\/\/arqresidencial.com\/ca\/"},{"label":"Immobles","link":"https:\/\/arqresidencial.com\/ca\/inmueble\/"},{"label":"\u00c1tic","link":"https:\/\/arqresidencial.com\/ca\/tipus-immoble\/atic\/"},{"label":"En venda Pis amb 106.00m2 a SANT ADRIA NORD, Sant Adria De Besos","link":"https:\/\/arqresidencial.com\/ca\/inmueble\/en-venda-pis-amb-106-00m2-a-sant-adria-nord-sant-adria-de-besos\/"}],"property_meta":{"_wp_page_template":["default"],"copied_media_ids":["a:0:{}"],"referenced_media_ids":["a:0:{}"],"fave_currency":["\u20ac"],"fave_currency_info":[""],"fave_property_price":["325000"],"fave_property_size":["103.00"],"fave_property_size_prefix":["m\u00b2"],"fave_property_land_postfix":["m\u00b2"],"fave_property_bedrooms":["4"],"fave_property_bathrooms":["1"],"fave_property_garage":["0"],"fave_property_map":["1"],"fave_property_id":["1250695"],"fave_property_year":["1973"],"fave_property_address":["avda Catalunya, "],"fave_property_zip":["08930"],"fave_property_country":["ES"],"fave_featured":["0"],"houzez_featured_listing_date":[""],"fave_agent_display_option":["agent_info"],"fave_prop_homeslider":["no"],"fave_video_url":["https:\/\/www.youtube.com\/watch?v=4DU_9XzBGy8"],"fave_energy_class":["E"],"fave_energy_global_index":["135.00 kWh\/m\u00b2 any"],"fave_energy_performance":["27.00kg CO\u2082"],"fave_renewable_energy_global_index":["E"],"floor_plans":["a:0:{}"],"fave_multi_units":["a:0:{}"],"additional_features":["a:5:{i:0;a:2:{s:29:\"fave_additional_feature_title\";s:11:\"Refer\u00e8ncia\";s:29:\"fave_additional_feature_value\";s:8:\"ARQ_SA86\";}i:1;a:2:{s:29:\"fave_additional_feature_title\";s:11:\"Orientaci\u00f3\";s:29:\"fave_additional_feature_value\";s:3:\"Sud\";}i:2;a:2:{s:29:\"fave_additional_feature_title\";s:12:\"Conservaci\u00f3\";s:29:\"fave_additional_feature_value\";s:2:\"Bo\";}i:3;a:2:{s:29:\"fave_additional_feature_title\";s:6:\"Planta\";s:29:\"fave_additional_feature_value\";s:1:\"6\";}i:4;a:2:{s:29:\"fave_additional_feature_title\";s:21:\"Superf\u00eccie habitable\";s:29:\"fave_additional_feature_value\";s:10:\"103.00 m\u00b2\";}}"],"fave_property_agency":["162903"],"fave_property_map_address":[""],"fave_property_location":["41.4297705,2.2201837"],"houzez_geolocation_lat":["41.4297705"],"houzez_geolocation_long":["2.2201837"],"fave_property_map_street_view":["show"],"_thumbnail_id":["200938"],"fave_property_images":["200914","200916","200917","200918","200919","200920","200921","200922","200923","200924"],"fave_agents":["3949"],"_wpml_word_count":["298"],"houzez_total_property_views":["4"],"houzez_views_by_date":["a:2:{s:10:\"09-04-2026\";i:2;s:10:\"09-05-2026\";i:2;}"],"houzez_recently_viewed":["2026-09-05 13:42:41"],"_elementor_page_assets":["a:0:{}"]},"jetpack_sharing_enabled":true,"_links":{"self":[{"href":"https:\/\/arqresidencial.com\/ca\/wp-json\/wp\/v2\/immobles\/206943","targetHints":{"allow":["GET"]}}],"collection":[{"href":"https:\/\/arqresidencial.com\/ca\/wp-json\/wp\/v2\/immobles"}],"about":[{"href":"https:\/\/arqresidencial.com\/ca\/wp-json\/wp\/v2\/types\/property"}],"author":[{"embeddable":true,"href":"https:\/\/arqresidencial.com\/ca\/wp-json\/wp\/v2\/users\/2"}],"version-history":[{"count":0,"href":"https:\/\/arqresidencial.com\/ca\/wp-json\/wp\/v2\/immobles\/206943\/revisions"}],"wp:attachment":[{"href":"https:\/\/arqresidencial.com\/ca\/wp-json\/wp\/v2\/media?parent=206943"}],"wp:term":[{"taxonomy":"property_type","embeddable":true,"href":"https:\/\/arqresidencial.com\/ca\/wp-json\/wp\/v2\/property_type?post=206943"},{"taxonomy":"property_status","embeddable":true,"href":"https:\/\/arqresidencial.com\/ca\/wp-json\/wp\/v2\/property_status?post=206943"},{"taxonomy":"property_feature","embeddable":true,"href":"https:\/\/arqresidencial.com\/ca\/wp-json\/wp\/v2\/property_feature?post=206943"},{"taxonomy":"property_label","embeddable":true,"href":"https:\/\/arqresidencial.com\/ca\/wp-json\/wp\/v2\/property_label?post=206943"},{"taxonomy":"property_country","embeddable":true,"href":"https:\/\/arqresidencial.com\/ca\/wp-json\/wp\/v2\/property_country?post=206943"},{"taxonomy":"property_state","embeddable":true,"href":"https:\/\/arqresidencial.com\/ca\/wp-json\/wp\/v2\/property_state?post=206943"},{"taxonomy":"property_city","embeddable":true,"href":"https:\/\/arqresidencial.com\/ca\/wp-json\/wp\/v2\/property_city?post=206943"},{"taxonomy":"property_area","embeddable":true,"href":"https:\/\/arqresidencial.com\/ca\/wp-json\/wp\/v2\/property_area?post=206943"}],"curies":[{"name":"wp","href":"https:\/\/api.w.org\/{rel}","templated":true}]}}